{"id":410,"date":"2022-03-14T22:10:08","date_gmt":"2022-03-14T21:10:08","guid":{"rendered":"https:\/\/mslv.org\/?page_id=410"},"modified":"2022-07-11T18:11:28","modified_gmt":"2022-07-11T16:11:28","slug":"programme-du-festival","status":"publish","type":"page","link":"https:\/\/mslv.org\/index.php\/programme-du-festival\/","title":{"rendered":"Programme du festival"},"content":{"rendered":"\n<h2 class=\"has-text-align-center wp-block-heading\">Musique au temps de Vauban <\/h2>\n\n\n\n<p><\/p>\n\n\n\n<p>Tous les concerts se d\u00e9roulent dans la commune de Saint L\u00e9ger Vauban. Les trois premiers \u00e0 l\u2019\u00e9glise du village, le dernier \u00e0 l\u2019abbaye de la Pierre qui Vire.<\/p>\n\n\n\n<p>Le 9 juillet \u00e0 20h le <strong>Quatuor Wassily<\/strong><\/p>\n\n\n\n<p>Le 10 juillet \u00e0 17h l\u2019ensemble <strong>La R\u00eaveuse<\/strong>&nbsp;: Les Voix Humaines<\/p>\n\n\n\n<p>Le 15 juillet \u00e0 20h le <strong>Duo Smaragdi<\/strong>&nbsp;: Cl\u00e9mence Carry (chant et nyckelharpa) et L\u00e9a Masson (th\u00e9orbe). <em>Les airs de cour et les airs \u00e0 boire fran\u00e7ais.<\/em><\/p>\n\n\n\n<p>Le 16 juillet \u00e0 16h30 <strong>Pascal Ianco<\/strong> (orgue).<\/p>\n\n\n\n<h2 class=\"has-text-align-center wp-block-heading\">Quatuor Wassily <\/h2>\n\n\n\n<p><\/p>\n\n\n\n<p><strong>Johann Sebastian Bach<\/strong> (1685-1750)<\/p>\n\n\n\n<p>Choral Bin ich gleich extrait de la passion selon Saint Matthieu<\/p>\n\n\n\n<p><strong>Henry Purcell<\/strong> (1659-1695)<\/p>\n\n\n\n<p>Fantaisie pour violes z742<\/p>\n\n\n\n<p><strong>Fran\u00e7ois Couperin<\/strong><\/p>\n\n\n\n<p>La Sultane<\/p>\n\n\n\n<p><strong>Joseph Haydn<\/strong> (1732-1809)<\/p>\n\n\n\n<p>Quatuor op.76 n\u00b03, dit l\u2019Empereur<\/p>\n\n\n\n<p><strong>Henry Purcell<\/strong><\/p>\n\n\n\n<p>Fantaisie pour violes z 738<\/p>\n\n\n\n<p>Fantaisie pour violes z743<\/p>\n\n\n\n<p><strong>Johann Sebastian Bach<\/strong><br>Choral Christus, der uns selig macht extrait de la passion selon Saint-Jean<\/p>\n\n\n\n<h5 class=\"wp-block-heading\"><strong>Quatuor Wassily<\/strong><\/h5>\n\n\n\n<p><strong>Vincent Forestier, Marine Faup-Pelot<\/strong>, violons<br><strong>Cl\u00e9ment Hoareau<\/strong>, alto<br><strong>Rapha\u00ebl Ginzburg<\/strong>, violoncelle <\/p>\n\n\n\n<p><a href=\"https:\/\/www.quatuorwassily.com\/.\" target=\"_blank\" rel=\"noreferrer noopener\">https:\/\/www.quatuorwassily.com\/. <\/a><\/p>\n\n\n\n<h2 class=\"has-text-align-center wp-block-heading\"><strong>La R\u00eaveuse<\/strong>. <strong>Les Voix <\/strong>Humaines <\/h2>\n\n\n\n<p><\/p>\n\n\n\n<p><strong>Marin Marais (1656-1728)<\/strong><\/p>\n\n\n\n<p>Suite en r\u00e9 du deuxi\u00e8me livre. Pr\u00e9lude en r\u00e9 mineur, Fantaisie luth\u00e9e, Les Voix humaines, Ballet en rondeau. <\/p>\n\n\n\n<p><strong>Marin Marais<\/strong><\/p>\n\n\n\n<p>Tombeau pour Monsieur de Lully<\/p>\n\n\n\n<p><strong>Robert de Vis\u00e9e (v. 1650 \u2013 apr\u00e8s 1732)<\/strong><\/p>\n\n\n\n<p>Suite pour th\u00e9orbe en la mineur Pr\u00e9lude, Allemande, Sarabande, Chaconne.<\/p>\n\n\n\n<p><strong>Marin Marais<\/strong><\/p>\n\n\n\n<p>La R\u00eaveuse. La Proven\u00e7ale.<\/p>\n\n\n\n<p><strong>Robert de Vis\u00e9e<\/strong><\/p>\n\n\n\n<p>Chaconne pour th\u00e9orbe en sol majeur<\/p>\n\n\n\n<p><strong>Marin Marais<\/strong><\/p>\n\n\n\n<p>Folies d\u2019Espagne<\/p>\n\n\n\n<h5 class=\"wp-block-heading\">Ensemble La R\u00eaveuse<\/h5>\n\n\n\n<p><strong>Florence Bolton<\/strong>, basse de viole; <strong>Benjamin Perrot<\/strong>, th\u00e9orbe. <\/p>\n\n\n\n<p><a href=\"http:\/\/www.ensemblelareveuse.com\/\" target=\"_blank\" rel=\"noreferrer noopener\">www.ensemblelareveuse.com<\/a><\/p>\n\n\n\n<h2 class=\"has-text-align-center wp-block-heading\"><strong>Duo Smaragdi<\/strong>. <em><em>Les airs de cour et les airs \u00e0 boire fran\u00e7ais.<\/em><\/em><\/h2>\n\n\n\n<p><\/p>\n\n\n\n<p><strong>Michel Lambert (1610-1696)<\/strong><\/p>\n\n\n\n<p><em>D&rsquo;un feu secret<\/em><\/p>\n\n\n\n<p><strong>Jacques Le F\u00e8vre, dates non connues<\/strong><\/p>\n\n\n\n<p><em>N&#8217;emprisonn\u00e9s pas je vous prie<\/em><\/p>\n\n\n\n<p><strong>Jean-Baptiste De Bousset (1662-1725)<\/strong><\/p>\n\n\n\n<p><em>Rossignol<\/em><\/p>\n\n\n\n<p><strong>Anonyme<\/strong><\/p>\n\n\n\n<p><em>J&rsquo;avais cru qu&rsquo;en vous aymant<\/em><\/p>\n\n\n\n<p><strong>Antoine Boesset (1587-1643)<\/strong><\/p>\n\n\n\n<p><em>Objet dont les charmes si doux<\/em><\/p>\n\n\n\n<p><strong>Pierre Ballard (1580-1639)<\/strong><\/p>\n\n\n\n<p><em>Jean cette nuit<\/em><\/p>\n\n\n\n<p><strong>Robert Ballard (v. 1610-1672)<\/strong><\/p>\n\n\n\n<p><em>Voicy venir l&rsquo;orgueilleuse<\/em><\/p>\n\n\n\n<p><strong>\u00c9tienne Moulini\u00e9 (1599-1669)<\/strong><\/p>\n\n\n\n<p><em>Paisible et t\u00e9n\u00e9breuse nuit<\/em><\/p>\n\n\n\n<p><strong>Robert Ballard (v. 1610-1672)<\/strong><\/p>\n\n\n\n<p><em>Pleurez mes yeux<\/em><\/p>\n\n\n\n<p><strong>Robert Ballard (v. 1610-1672)<\/strong><\/p>\n\n\n\n<p><em>J&rsquo;ayme de tout mon c\u0153ur<\/em><\/p>\n\n\n\n<p><strong>\u00c9tienne Moulini\u00e9 (1599-1669)<\/strong><\/p>\n\n\n\n<p><em>Amis enivrons nous<\/em><\/p>\n\n\n\n<p><strong>Robert Ballard (v. 1610-1672)<\/strong><\/p>\n\n\n\n<p><em>Cher amy<\/em><\/p>\n\n\n\n<p><strong>Jean-Baptiste De Bousset (1662-1725)<\/strong><\/p>\n\n\n\n<p><em>Air pour un papillon sur un bouquet<\/em><\/p>\n\n\n\n<p><strong>Robert Ballard (v. 1610-1672)<\/strong><\/p>\n\n\n\n<p><em>Tout en est beau<\/em><\/p>\n\n\n\n<p><strong>\u00c9tienne Moulini\u00e9 (1599-1669)<\/strong><\/p>\n\n\n\n<p><em>Consert de diff\u00e9rents oyseaux<\/em><\/p>\n\n\n\n<h5 class=\"wp-block-heading\"><strong>Duo Smaragdi<\/strong><\/h5>\n\n\n\n<p><strong>Cl\u00e9mence Carry,<\/strong> chant et nyckelharpa<\/p>\n\n\n\n<p><strong>L\u00e9a Masson<\/strong>, th\u00e9orbe<\/p>\n\n\n\n<p><a href=\"http:\/\/www.clemencecarry.com\/\" target=\"_blank\" rel=\"noreferrer noopener\">http:\/\/www.clemencecarry.com\/<\/a><\/p>\n\n\n\n<h2 class=\"has-text-align-center wp-block-heading\"><strong><strong>Lionel AVOT, orgue en remplacement de Pascal Ianco<\/strong><\/strong><\/h2>\n\n\n\n<p><strong>Nikolaus Bruhns&nbsp;<\/strong>(1665-1697)<\/p>\n\n\n\n<p>Grand Praeludium en mi mineur<\/p>\n\n\n\n<p><strong>Johann Sebastian Bach&nbsp;<\/strong>(1685-1750)<\/p>\n\n\n\n<p>\u00ab\u00a0Erbarm&rsquo; dich mein\u00a0\u00bb BWV 721&nbsp;<\/p>\n\n\n\n<p><strong>Louis-Nicolas Cl\u00e9rambault&nbsp;<\/strong>(1676-1749)<\/p>\n\n\n\n<p>Suite du deuxi\u00e8me ton (extraits)<\/p>\n\n\n\n<p>Plein jeu \/ Duo \/ Trio \/ Basse de cromorne \/&nbsp;Caprice sur les grands jeux<\/p>\n\n\n\n<p><strong>Christophe Marchand&nbsp;<\/strong>(n\u00e9 en 1972)<\/p>\n\n\n\n<p>\u00ab\u00a0Le Songe de Jan Pieterszoon Sweelinck\u00a0\u00bb&nbsp;&nbsp;(extraits)<\/p>\n\n\n\n<p><strong>Pi\u00e8ces de C. Marchand en alternance avec des pi\u00e8ces de J.P. Sweelinck <\/strong>(1562 \u2013 1621)<\/p>\n\n\n\n<p>&#8211; Fantasia (C. Marchand)<\/p>\n\n\n\n<p>&#8211; Choral Durch Adams Fall ist ganz verderbt, verset 1 (J.P. Sweelinck)<\/p>\n\n\n\n<p>&#8211; Versus sur Durch Adams Fall ist ganz verderbt&nbsp;(C. Marchand)&nbsp;<\/p>\n\n\n\n<p>&#8211; Choral Durch Adams Fall ist ganz verderbt, verset 2 (J.P. Sweelinck)<\/p>\n\n\n\n<p><strong>Georg Muffat<\/strong>&nbsp;(1653-1704)<\/p>\n\n\n\n<p>Toccata septima&nbsp;<\/p>\n\n\n\n<p><strong>Johann Sebastian Bach<\/strong><\/p>\n\n\n\n<p>\u00ab\u00a0An Wasserfl\u00fcssen Babylon\u00a0\u00bb BWV&nbsp; 653&nbsp;<\/p>\n\n\n\n<p><strong>Louis Marchand<\/strong>&nbsp;(1669-1732)<\/p>\n\n\n\n<p>Grand dialogue du 3<sup>\u00e8me<\/sup>\u00a0livre\u00a0<\/p>\n\n\n\n<p><strong><a href=\"https:\/\/www.musicalta.com\/en\/project\/lionel-avot\/\" data-type=\"URL\" data-id=\"https:\/\/www.musicalta.com\/en\/project\/lionel-avot\/\" target=\"_blank\" rel=\"noreferrer noopener\">Lionel Avot<\/a><\/strong><\/p>\n","protected":false},"excerpt":{"rendered":"<p>Musique au temps de Vauban Tous les concerts se d\u00e9roulent dans la commune de Saint L\u00e9ger Vauban. Les trois premiers \u00e0 l\u2019\u00e9glise [&hellip;]<\/p>\n","protected":false},"author":1,"featured_media":0,"parent":0,"menu_order":0,"comment_status":"closed","ping_status":"closed","template":"","meta":{"footnotes":""},"class_list":["post-410","page","type-page","status-publish","hentry"],"_links":{"self":[{"href":"https:\/\/mslv.org\/index.php\/wp-json\/wp\/v2\/pages\/410","targetHints":{"allow":["GET"]}}],"collection":[{"href":"https:\/\/mslv.org\/index.php\/wp-json\/wp\/v2\/pages"}],"about":[{"href":"https:\/\/mslv.org\/index.php\/wp-json\/wp\/v2\/types\/page"}],"author":[{"embeddable":true,"href":"https:\/\/mslv.org\/index.php\/wp-json\/wp\/v2\/users\/1"}],"replies":[{"embeddable":true,"href":"https:\/\/mslv.org\/index.php\/wp-json\/wp\/v2\/comments?post=410"}],"version-history":[{"count":16,"href":"https:\/\/mslv.org\/index.php\/wp-json\/wp\/v2\/pages\/410\/revisions"}],"predecessor-version":[{"id":571,"href":"https:\/\/mslv.org\/index.php\/wp-json\/wp\/v2\/pages\/410\/revisions\/571"}],"wp:attachment":[{"href":"https:\/\/mslv.org\/index.php\/wp-json\/wp\/v2\/media?parent=410"}],"curies":[{"name":"wp","href":"https:\/\/api.w.org\/{rel}","templated":true}]}}